{"id":10382,"date":"2018-04-18T07:40:51","date_gmt":"2018-04-18T05:40:51","guid":{"rendered":"http:\/\/www.bouxhof.fr\/?page_id=10382"},"modified":"2019-12-12T16:57:55","modified_gmt":"2019-12-12T15:57:55","slug":"histoire","status":"publish","type":"page","link":"https:\/\/www.bouxhof.fr\/fr_fr\/histoire\/","title":{"rendered":"Histoire"},"content":{"rendered":"<div data-vc-full-width=\"true\" data-vc-full-width-init=\"false\" class=\"vc_row wpb_row vc_row-fluid wpb_animate_when_almost_visible wpb_fadeIn fadeIn vc_custom_1572864620385\"><div class=\"dt-sc-dark-bg wpb_column vc_column_container vc_col-sm-12\"><div class=\"vc_column-inner \"><div class=\"wpb_wrapper\"><div class=\"ult-animation  ult-no-mobile \" data-animate=\"fadeInLeft\" data-animation-delay=\"0.3\" data-animation-duration=\"0.3\" data-animation-iteration=\"1\" style=\"\" ><div class=\"vc_row wpb_row vc_inner vc_row-fluid vc_row-o-content-middle vc_row-flex\"><div class=\"wpb_column vc_column_container vc_col-sm-6\"><div class=\"vc_column-inner \"><div class=\"wpb_wrapper\">\n\t<div  class=\"wpb_single_image wpb_content_element vc_align_center\">\n\t\t\n\t\t<figure class=\"wpb_wrapper vc_figure\">\n\t\t\t<div class=\"vc_single_image-wrapper   vc_box_border_grey\"><img width=\"768\" height=\"512\" src=\"https:\/\/www.bouxhof.fr\/wp-content\/uploads\/2018\/07\/histoire-du-domaine.jpg\" class=\"vc_single_image-img attachment-full\" alt=\"\" decoding=\"async\" loading=\"lazy\" srcset=\"https:\/\/www.bouxhof.fr\/wp-content\/uploads\/2018\/07\/histoire-du-domaine.jpg 768w, https:\/\/www.bouxhof.fr\/wp-content\/uploads\/2018\/07\/histoire-du-domaine-500x333.jpg 500w, https:\/\/www.bouxhof.fr\/wp-content\/uploads\/2018\/07\/histoire-du-domaine-300x200.jpg 300w\" sizes=\"(max-width: 768px) 100vw, 768px\" \/><\/div>\n\t\t<\/figure>\n\t<\/div>\n<\/div><\/div><\/div><div class=\"wpb_column vc_column_container vc_col-sm-6\"><div class=\"vc_column-inner vc_custom_1497269270428\"><div class=\"wpb_wrapper\"><h3 style=\"color: #ffffff;text-align: right\" class=\"vc_custom_heading\">L'histoire du domaine<\/h3>\r\n\t<div class=\"wpb_text_column wpb_content_element \" >\r\n\t\t<div class=\"wpb_wrapper\">\r\n\t\t\t<p style=\"text-align: right;\">Situ\u00e9 dans un cadre naturel magnifique, adouci par les somptueuses courbes des collines sous-vosgiennes, s\u2019\u00e9rige le Domaine du Bouxhof.<\/p>\n<p style=\"text-align: right;\">La culture viticole l\u2019encercle de toutes parts et de bonne heure l\u2019homme a rep\u00e9r\u00e9 cet endroit favorable, pour s\u2019y \u00e9tablir et y a plant\u00e9 de la vigne. Mittelwihr a \u00e9t\u00e9 baptis\u00e9 \u00ab\u00a0le Midi de l\u2019Alsace\u00a0\u00bb avec ses Amandiers et ses orchid\u00e9es sauvages.<\/p>\n\r\n\t\t<\/div>\r\n\t<\/div>\r\n<\/div><\/div><\/div><\/div><\/div><\/div><\/div><\/div><\/div><div class=\"vc_row-full-width vc_clearfix\"><\/div><!-- Row Backgrounds --><div class=\"upb_color\" data-bg-override=\"0\" data-bg-color=\"#388e3c\" data-fadeout=\"\" data-fadeout-percentage=\"30\" data-parallax-content=\"\" data-parallax-content-sense=\"30\" data-row-effect-mobile-disable=\"true\" data-img-parallax-mobile-disable=\"true\" data-rtl=\"false\"  data-custom-vc-row=\"\"  data-vc=\"5.2.1\"  data-is_old_vc=\"\"  data-theme-support=\"\"   data-overlay=\"true\" data-overlay-color=\"rgba(39,122,42,0.2)\" data-overlay-pattern=\"\" data-overlay-pattern-opacity=\"0.8\" data-overlay-pattern-size=\"\" data-overlay-pattern-attachment=\"scroll\"    ><\/div><div data-vc-full-width=\"true\" data-vc-full-width-init=\"false\" class=\"vc_row wpb_row vc_row-fluid wpb_animate_when_almost_visible wpb_fadeIn fadeIn vc_custom_1524035785622\"><div class=\"wpb_column vc_column_container vc_col-sm-12\"><div class=\"vc_column-inner \"><div class=\"wpb_wrapper\"><div class=\"ult-animation  ult-no-mobile \" data-animate=\"fadeInLeft\" data-animation-delay=\"0.3\" data-animation-duration=\"0.3\" data-animation-iteration=\"1\" style=\"\" ><div class=\"vc_row wpb_row vc_inner vc_row-fluid vc_row-o-content-middle vc_row-flex\"><div class=\"wpb_column vc_column_container vc_col-sm-6\"><div class=\"vc_column-inner \"><div class=\"wpb_wrapper\">\n\t<div  class=\"wpb_single_image wpb_content_element vc_align_center\">\n\t\t\n\t\t<figure class=\"wpb_wrapper vc_figure\">\n\t\t\t<div class=\"vc_single_image-wrapper   vc_box_border_grey\"><img width=\"768\" height=\"496\" src=\"https:\/\/www.bouxhof.fr\/wp-content\/uploads\/2018\/04\/histoire-domaine-2.jpg\" class=\"vc_single_image-img attachment-full\" alt=\"\" decoding=\"async\" loading=\"lazy\" srcset=\"https:\/\/www.bouxhof.fr\/wp-content\/uploads\/2018\/04\/histoire-domaine-2.jpg 768w, https:\/\/www.bouxhof.fr\/wp-content\/uploads\/2018\/04\/histoire-domaine-2-500x323.jpg 500w, https:\/\/www.bouxhof.fr\/wp-content\/uploads\/2018\/04\/histoire-domaine-2-300x194.jpg 300w\" sizes=\"(max-width: 768px) 100vw, 768px\" \/><\/div>\n\t\t<\/figure>\n\t<\/div>\n<\/div><\/div><\/div><div class=\"wpb_column vc_column_container vc_col-sm-6\"><div class=\"vc_column-inner vc_custom_1497269270428\"><div class=\"wpb_wrapper\"><h3 style=\"color: #000000;text-align: right\" class=\"vc_custom_heading\">L'origine du domaine du Bouxhof<\/h3>\r\n\t<div class=\"wpb_text_column wpb_content_element \" >\r\n\t\t<div class=\"wpb_wrapper\">\r\n\t\t\t<p style=\"text-align: right;\">L\u2019origine du Bouxhof remonte \u00e0 l\u2019\u00e9poque romaine, un patricien y avait \u00e9tabli sa villa, sa vigne et ses jardins. D\u00e8s le d\u00e9but du XII\u00e9me si\u00e8cle de vieux parchemins attestent que cette cour colong\u00e8re appartenait \u00e0 la puissante abbaye de Pairis. Plusieurs papes confirm\u00e8rent les droits du couvent sur cette florissante propri\u00e9t\u00e9, g\u00e9r\u00e9e alternativement par des moines et des la\u00efcs au service de l\u2019abb\u00e9.<\/p>\n<p style=\"text-align: right;\">Au XV \u00e8 si\u00e8cle l\u2019\u00e9v\u00eaque de B\u00e2le y consacra une chapelle et peu apr\u00e8s une deuxi\u00e8me chapelle, toutes deux d\u00e9di\u00e9es \u00e0 Sainte Barbe.<\/p>\n<p style=\"text-align: right;\">Le dur labeur et la prosp\u00e9rit\u00e9 viticole des moines cisterciens furent interrompus par la terrible guerre des trente ans avec ses d\u00e9sastres et pillages.<\/p>\n<p style=\"text-align: right;\">Mais le retour de la paix et la vitalit\u00e9 de la \u00ab\u00a0Cour des Buis\u00a0\u00bb (traduction fran\u00e7aise de Bouxhof) eut le dessus, jusqu\u2019\u00e0 l\u2019\u00e9clatement de la r\u00e9volution fran\u00e7aise. Les biens des \u00e9glises et des couvents furent d\u00e9clar\u00e9s bien nationaux et vendus aux ench\u00e8res.<\/p>\n\r\n\t\t<\/div>\r\n\t<\/div>\r\n<\/div><\/div><\/div><\/div><\/div><\/div><\/div><\/div><\/div><div class=\"vc_row-full-width vc_clearfix\"><\/div><!-- Row Backgrounds --><div class=\"upb_color\" data-bg-override=\"0\" data-bg-color=\"#ffffff\" data-fadeout=\"\" data-fadeout-percentage=\"30\" data-parallax-content=\"\" data-parallax-content-sense=\"30\" data-row-effect-mobile-disable=\"true\" data-img-parallax-mobile-disable=\"true\" data-rtl=\"false\"  data-custom-vc-row=\"\"  data-vc=\"5.2.1\"  data-is_old_vc=\"\"  data-theme-support=\"\"   data-overlay=\"false\" data-overlay-color=\"\" data-overlay-pattern=\"\" data-overlay-pattern-opacity=\"\" data-overlay-pattern-size=\"\"    ><\/div><div data-vc-full-width=\"true\" data-vc-full-width-init=\"false\" class=\"vc_row wpb_row vc_row-fluid wpb_animate_when_almost_visible wpb_fadeIn fadeIn vc_custom_1524035688098\"><div class=\"dt-sc-dark-bg wpb_column vc_column_container vc_col-sm-12\"><div class=\"vc_column-inner \"><div class=\"wpb_wrapper\"><div class=\"ult-animation  ult-no-mobile \" data-animate=\"fadeInLeft\" data-animation-delay=\"0.3\" data-animation-duration=\"0.3\" data-animation-iteration=\"1\" style=\"\" ><div class=\"vc_row wpb_row vc_inner vc_row-fluid vc_row-o-content-middle vc_row-flex\"><div class=\"wpb_column vc_column_container vc_col-sm-6\"><div class=\"vc_column-inner \"><div class=\"wpb_wrapper\">\n\t<div  class=\"wpb_single_image wpb_content_element vc_align_center\">\n\t\t\n\t\t<figure class=\"wpb_wrapper vc_figure\">\n\t\t\t<div class=\"vc_single_image-wrapper   vc_box_border_grey\"><img width=\"768\" height=\"1055\" src=\"https:\/\/www.bouxhof.fr\/wp-content\/uploads\/2018\/07\/photo-histoire-ere-edel.jpg\" class=\"vc_single_image-img attachment-full\" alt=\"\" decoding=\"async\" loading=\"lazy\" srcset=\"https:\/\/www.bouxhof.fr\/wp-content\/uploads\/2018\/07\/photo-histoire-ere-edel.jpg 768w, https:\/\/www.bouxhof.fr\/wp-content\/uploads\/2018\/07\/photo-histoire-ere-edel-500x687.jpg 500w, https:\/\/www.bouxhof.fr\/wp-content\/uploads\/2018\/07\/photo-histoire-ere-edel-218x300.jpg 218w, https:\/\/www.bouxhof.fr\/wp-content\/uploads\/2018\/07\/photo-histoire-ere-edel-745x1024.jpg 745w\" sizes=\"(max-width: 768px) 100vw, 768px\" \/><\/div>\n\t\t<\/figure>\n\t<\/div>\n<\/div><\/div><\/div><div class=\"wpb_column vc_column_container vc_col-sm-6\"><div class=\"vc_column-inner vc_custom_1497269270428\"><div class=\"wpb_wrapper\"><h3 style=\"color: #ffffff;text-align: right\" class=\"vc_custom_heading\">L'\u00e8re EDEL<\/h3>\r\n\t<div class=\"wpb_text_column wpb_content_element \" >\r\n\t\t<div class=\"wpb_wrapper\">\r\n\t\t\t<p style=\"text-align: right;\">Depuis cette \u00e9poque le Bouxhof fut la propri\u00e9t\u00e9 plusieurs grandes famille jusqu\u2019en 1925 ou l\u2019\u00e8re EDEL d\u00e9buta.<\/p>\n<p style=\"text-align: right;\">Pendant la 2\u00e8me guerre mondiale, le Bouxhof \u00e9tait au centre de terrible combats de la poche de Colmar. Les troupes am\u00e9ricaines y install\u00e8rent un PC. La famille qui avait d\u2019abord soign\u00e9 les militaires d\u00fbt quitter le domaine.<\/p>\n<p style=\"text-align: right;\">A leur retour, il fallait r\u00e9parer d\u2019abord les b\u00e2timents et nettoyer les vignes. Cependant ni les travaux dans les vignes, ni les soins donn\u00e9s aux vins ne furent interrompus.<\/p>\n\r\n\t\t<\/div>\r\n\t<\/div>\r\n<\/div><\/div><\/div><\/div><\/div><\/div><\/div><\/div><\/div><div class=\"vc_row-full-width vc_clearfix\"><\/div><!-- Row Backgrounds --><div class=\"upb_bg_img\" data-ultimate-bg=\"url(https:\/\/www.bouxhof.fr\/wp-content\/uploads\/2018\/04\/domaine-bouxhof-histoire-parallax.jpg)\" data-image-id=\"id^10402|url^http:\/\/www.bouxhof.fr\/wp-content\/uploads\/2018\/04\/domaine-bouxhof-histoire-parallax.jpg|caption^null|alt^null|title^domaine-bouxhof-histoire-parallax|description^null\" data-ultimate-bg-style=\"vcpb-vz-jquery\" data-bg-img-repeat=\"repeat\" data-bg-img-size=\"cover\" data-bg-img-position=\"\" data-parallx_sense=\"30\" data-bg-override=\"0\" data-bg_img_attach=\"scroll\" data-upb-overlay-color=\"rgba(0,0,0,0.88)\" data-upb-bg-animation=\"\" data-fadeout=\"\" data-bg-animation=\"left-animation\" data-bg-animation-type=\"h\" data-animation-repeat=\"repeat\" data-fadeout-percentage=\"30\" data-parallax-content=\"\" data-parallax-content-sense=\"30\" data-row-effect-mobile-disable=\"true\" data-img-parallax-mobile-disable=\"true\" data-rtl=\"false\"  data-custom-vc-row=\"\"  data-vc=\"5.2.1\"  data-is_old_vc=\"\"  data-theme-support=\"\"   data-overlay=\"true\" data-overlay-color=\"rgba(0,0,0,0.88)\" data-overlay-pattern=\"\" data-overlay-pattern-opacity=\"0.8\" data-overlay-pattern-size=\"\" data-overlay-pattern-attachment=\"scroll\"    ><\/div><div data-vc-full-width=\"true\" data-vc-full-width-init=\"false\" class=\"vc_row wpb_row vc_row-fluid wpb_animate_when_almost_visible wpb_fadeIn fadeIn vc_custom_1524035785622\"><div class=\"wpb_column vc_column_container vc_col-sm-12\"><div class=\"vc_column-inner \"><div class=\"wpb_wrapper\"><div class=\"ult-animation  ult-no-mobile \" data-animate=\"fadeInLeft\" data-animation-delay=\"0.3\" data-animation-duration=\"0.3\" data-animation-iteration=\"1\" style=\"\" ><div class=\"vc_row wpb_row vc_inner vc_row-fluid vc_row-o-content-middle vc_row-flex\"><div class=\"wpb_column vc_column_container vc_col-sm-6\"><div class=\"vc_column-inner \"><div class=\"wpb_wrapper\">\n\t<div  class=\"wpb_single_image wpb_content_element vc_align_center\">\n\t\t\n\t\t<figure class=\"wpb_wrapper vc_figure\">\n\t\t\t<div class=\"vc_single_image-wrapper   vc_box_border_grey\"><img width=\"768\" height=\"520\" src=\"https:\/\/www.bouxhof.fr\/wp-content\/uploads\/2018\/04\/histoire-domaine-4.jpg\" class=\"vc_single_image-img attachment-full\" alt=\"\" decoding=\"async\" loading=\"lazy\" srcset=\"https:\/\/www.bouxhof.fr\/wp-content\/uploads\/2018\/04\/histoire-domaine-4.jpg 768w, https:\/\/www.bouxhof.fr\/wp-content\/uploads\/2018\/04\/histoire-domaine-4-500x339.jpg 500w, https:\/\/www.bouxhof.fr\/wp-content\/uploads\/2018\/04\/histoire-domaine-4-300x203.jpg 300w\" sizes=\"(max-width: 768px) 100vw, 768px\" \/><\/div>\n\t\t<\/figure>\n\t<\/div>\n<\/div><\/div><\/div><div class=\"wpb_column vc_column_container vc_col-sm-6\"><div class=\"vc_column-inner vc_custom_1497269270428\"><div class=\"wpb_wrapper\"><h3 style=\"color: #000000;text-align: right\" class=\"vc_custom_heading\">Inscription au registre des monuments historiques<\/h3>\r\n\t<div class=\"wpb_text_column wpb_content_element \" >\r\n\t\t<div class=\"wpb_wrapper\">\r\n\t\t\t<p style=\"text-align: right;\">A partir 1990 de gros travaux de r\u00e9novation et remise en \u00e9tat furent entrepris.<\/p>\n<p style=\"text-align: right;\">Fran\u00e7ois EDEL demanda et obtient l\u2019inscription du Domaine du Bouxhof au registre des monuments historiques en 1996, et d\u2019autres travaux ont pans\u00e9 les derni\u00e8res blessures de 1939-1945.<\/p>\n\r\n\t\t<\/div>\r\n\t<\/div>\r\n<\/div><\/div><\/div><\/div><\/div><\/div><\/div><\/div><\/div><div class=\"vc_row-full-width vc_clearfix\"><\/div><!-- Row Backgrounds --><div class=\"upb_color\" data-bg-override=\"0\" data-bg-color=\"#ffffff\" data-fadeout=\"\" data-fadeout-percentage=\"30\" data-parallax-content=\"\" data-parallax-content-sense=\"30\" data-row-effect-mobile-disable=\"true\" data-img-parallax-mobile-disable=\"true\" data-rtl=\"false\"  data-custom-vc-row=\"\"  data-vc=\"5.2.1\"  data-is_old_vc=\"\"  data-theme-support=\"\"   data-overlay=\"false\" data-overlay-color=\"\" data-overlay-pattern=\"\" data-overlay-pattern-opacity=\"\" data-overlay-pattern-size=\"\"    ><\/div><div class=\"vc_row wpb_row vc_row-fluid\"><div class=\"wpb_column vc_column_container vc_col-sm-12\"><div class=\"vc_column-inner \"><div class=\"wpb_wrapper\"><div class=\"ult-spacer spacer-69f34dbd3b4a7\" data-id=\"69f34dbd3b4a7\" data-height=\"40\" data-height-mobile=\"40\" data-height-tab=\"40\" data-height-tab-portrait=\"\" data-height-mobile-landscape=\"\" style=\"clear:both;display:block;\"><\/div><\/div><\/div><\/div><\/div>\n","protected":false},"excerpt":{"rendered":"L'histoire du domaine Situ\u00e9 dans un cadre naturel magnifique, adouci par les somptueuses courbes des collines sous-vosgiennes, s\u2019\u00e9rige le Domaine du Bouxhof. La culture viticole l\u2019encercle de toutes parts et de bonne heure l\u2019homme a rep\u00e9r\u00e9 cet endroit favorable, pour s\u2019y \u00e9tablir et y a plant\u00e9 de la vigne. Mittelwihr a \u00e9t\u00e9 baptis\u00e9 \"le Midi [...]","protected":false},"author":1,"featured_media":0,"parent":0,"menu_order":0,"comment_status":"closed","ping_status":"closed","template":"","meta":{"ngg_post_thumbnail":0},"_links":{"self":[{"href":"https:\/\/www.bouxhof.fr\/fr_fr\/wp-json\/wp\/v2\/pages\/10382"}],"collection":[{"href":"https:\/\/www.bouxhof.fr\/fr_fr\/wp-json\/wp\/v2\/pages"}],"about":[{"href":"https:\/\/www.bouxhof.fr\/fr_fr\/wp-json\/wp\/v2\/types\/page"}],"author":[{"embeddable":true,"href":"https:\/\/www.bouxhof.fr\/fr_fr\/wp-json\/wp\/v2\/users\/1"}],"replies":[{"embeddable":true,"href":"https:\/\/www.bouxhof.fr\/fr_fr\/wp-json\/wp\/v2\/comments?post=10382"}],"version-history":[{"count":0,"href":"https:\/\/www.bouxhof.fr\/fr_fr\/wp-json\/wp\/v2\/pages\/10382\/revisions"}],"wp:attachment":[{"href":"https:\/\/www.bouxhof.fr\/fr_fr\/wp-json\/wp\/v2\/media?parent=10382"}],"curies":[{"name":"wp","href":"https:\/\/api.w.org\/{rel}","templated":true}]}}